{"id":234,"date":"2020-09-24T14:58:14","date_gmt":"2020-09-24T12:58:14","guid":{"rendered":"http:\/\/ttis.fr\/?post_type=avada_portfolio&#038;p=234"},"modified":"2020-10-01T15:33:36","modified_gmt":"2020-10-01T13:33:36","slug":"la-region-auvergne-rhone-alpes","status":"publish","type":"avada_portfolio","link":"https:\/\/ttis.fr\/index.php\/portfolio-items\/la-region-auvergne-rhone-alpes\/","title":{"rendered":"La R\u00e9gion Auvergne-Rh\u00f4ne-Alpes"},"content":{"rendered":"<p>Avec ses 7,9M d\u2019habitants Auvergne-Rh\u00f4ne-Alpes est la 1re r\u00e9gion industrielle fran\u00e7aise (500000 emplois) et 2e r\u00e9gion exportatrice de France. La R\u00e9gion soutient ses entreprises, s\u2019engage pour l\u2019emploi en favorisant l\u2019apprentissage avec plus de 48000 apprentis et 83 centres de formations.<br \/>\nLa r\u00e9gion AURA est un partenaire financier concernant tous les travaux li\u00e9s au b\u00e2timent. C\u2019est \u00e9galement un soutien sur le d\u00e9marrage p\u00e9dagogique de la formation.<\/p>\n<p>Site internet : https:\/\/www.auvergnerhonealpes.fr<\/p>\n","protected":false},"excerpt":{"rendered":"<p>Avec ses 7,9M d\u2019habitants Auvergne-Rh\u00f4ne-Alpes est la 1re r\u00e9gion industrielle [&hellip;]<\/p>\n","protected":false},"author":1,"featured_media":235,"menu_order":0,"comment_status":"open","ping_status":"closed","template":"","format":"standard","meta":[],"portfolio_category":[30,31,29],"portfolio_skills":[36],"portfolio_tags":[35],"_links":{"self":[{"href":"https:\/\/ttis.fr\/index.php\/wp-json\/wp\/v2\/avada_portfolio\/234"}],"collection":[{"href":"https:\/\/ttis.fr\/index.php\/wp-json\/wp\/v2\/avada_portfolio"}],"about":[{"href":"https:\/\/ttis.fr\/index.php\/wp-json\/wp\/v2\/types\/avada_portfolio"}],"author":[{"embeddable":true,"href":"https:\/\/ttis.fr\/index.php\/wp-json\/wp\/v2\/users\/1"}],"replies":[{"embeddable":true,"href":"https:\/\/ttis.fr\/index.php\/wp-json\/wp\/v2\/comments?post=234"}],"version-history":[{"count":1,"href":"https:\/\/ttis.fr\/index.php\/wp-json\/wp\/v2\/avada_portfolio\/234\/revisions"}],"predecessor-version":[{"id":237,"href":"https:\/\/ttis.fr\/index.php\/wp-json\/wp\/v2\/avada_portfolio\/234\/revisions\/237"}],"wp:featuredmedia":[{"embeddable":true,"href":"https:\/\/ttis.fr\/index.php\/wp-json\/wp\/v2\/media\/235"}],"wp:attachment":[{"href":"https:\/\/ttis.fr\/index.php\/wp-json\/wp\/v2\/media?parent=234"}],"wp:term":[{"taxonomy":"portfolio_category","embeddable":true,"href":"https:\/\/ttis.fr\/index.php\/wp-json\/wp\/v2\/portfolio_category?post=234"},{"taxonomy":"portfolio_skills","embeddable":true,"href":"https:\/\/ttis.fr\/index.php\/wp-json\/wp\/v2\/portfolio_skills?post=234"},{"taxonomy":"portfolio_tags","embeddable":true,"href":"https:\/\/ttis.fr\/index.php\/wp-json\/wp\/v2\/portfolio_tags?post=234"}],"curies":[{"name":"wp","href":"https:\/\/api.w.org\/{rel}","templated":true}]}}