{"id":94,"date":"2020-09-16T16:36:20","date_gmt":"2020-09-16T14:36:20","guid":{"rendered":"http:\/\/ttis.fr\/?page_id=94"},"modified":"2023-01-03T10:46:00","modified_gmt":"2023-01-03T09:46:00","slug":"partenaires","status":"publish","type":"page","link":"https:\/\/ttis.fr\/index.php\/partenaires\/","title":{"rendered":"Partenaires"},"content":{"rendered":"<p><div class=\"fusion-fullwidth fullwidth-box fusion-builder-row-1 fusion-flex-container nonhundred-percent-fullwidth non-hundred-percent-height-scrolling\" style=\"background-color: rgba(255,255,255,0);background-position: center center;background-repeat: no-repeat;border-width: 0px 0px 0px 0px;border-color:#e2e2e2;border-style:solid;\" ><div class=\"fusion-builder-row fusion-row fusion-flex-align-items-flex-start\" style=\"max-width:1248px;margin-left: calc(-4% \/ 2 );margin-right: calc(-4% \/ 2 );\"><div class=\"fusion-layout-column fusion_builder_column fusion-builder-column-0 fusion_builder_column_1_1 1_1 fusion-flex-column\"><div class=\"fusion-column-wrapper fusion-flex-justify-content-flex-start fusion-content-layout-column\" style=\"background-position:left top;background-repeat:no-repeat;-webkit-background-size:cover;-moz-background-size:cover;-o-background-size:cover;background-size:cover;padding: 0px 0px 0px 0px;\"><div ><span class=\" fusion-imageframe imageframe-none imageframe-1 hover-type-none\"><img width=\"2463\" height=\"25\" title=\"separateur\" src=\"http:\/\/ttis.fr\/wp-content\/uploads\/2020\/09\/separateur.png\" class=\"img-responsive wp-image-62\" srcset=\"https:\/\/ttis.fr\/wp-content\/uploads\/2020\/09\/separateur-200x2.png 200w, https:\/\/ttis.fr\/wp-content\/uploads\/2020\/09\/separateur-400x4.png 400w, https:\/\/ttis.fr\/wp-content\/uploads\/2020\/09\/separateur-600x6.png 600w, https:\/\/ttis.fr\/wp-content\/uploads\/2020\/09\/separateur-800x8.png 800w, https:\/\/ttis.fr\/wp-content\/uploads\/2020\/09\/separateur-1200x12.png 1200w, https:\/\/ttis.fr\/wp-content\/uploads\/2020\/09\/separateur.png 2463w\" sizes=\"(max-width: 640px) 100vw, 1200px\" \/><\/span><\/div><style type=\"text\/css\">@media only screen and (max-width:1024px) {.fusion-title.fusion-title-1{margin-top:10px!important;margin-bottom:15px!important;}}@media only screen and (max-width:640px) {.fusion-title.fusion-title-1{margin-top:10px!important;margin-bottom:10px!important;}}<\/style><div class=\"fusion-title title fusion-title-1 fusion-sep-none fusion-title-center fusion-title-text fusion-title-size-one\" style=\"font-size:30px;margin-top:10px;margin-bottom:15px;\"><h1 class=\"title-heading-center\" style=\"margin:0;font-size:1em;\"><h1 style=\"text-align: center;\">Les partenaires TTIS<\/h1><\/h1><\/div><\/div><\/div><style type=\"text\/css\">.fusion-body .fusion-builder-column-0{width:100% !important;margin-top : 0px;margin-bottom : 20px;}.fusion-builder-column-0 > .fusion-column-wrapper {padding-top : 0px !important;padding-right : 0px !important;margin-right : 1.92%;padding-bottom : 0px !important;padding-left : 0px !important;margin-left : 1.92%;}@media only screen and (max-width:1024px) {.fusion-body .fusion-builder-column-0{width:100% !important;order : 0;}.fusion-builder-column-0 > .fusion-column-wrapper {margin-right : 1.92%;margin-left : 1.92%;}}@media only screen and (max-width:640px) {.fusion-body .fusion-builder-column-0{width:100% !important;order : 0;}.fusion-builder-column-0 > .fusion-column-wrapper {margin-right : 1.92%;margin-left : 1.92%;}}<\/style><\/div><style type=\"text\/css\">.fusion-body .fusion-flex-container.fusion-builder-row-1{ padding-top : 0px;margin-top : 0px;padding-right : 0px;padding-bottom : 0px;margin-bottom : 0px;padding-left : 0px;}<\/style><\/div><div class=\"fusion-fullwidth fullwidth-box fusion-builder-row-2 fusion-flex-container nonhundred-percent-fullwidth non-hundred-percent-height-scrolling\" style=\"background-color: rgba(255,255,255,0);background-position: center center;background-repeat: no-repeat;border-width: 0px 0px 0px 0px;border-color:#e2e2e2;border-style:solid;\" ><div class=\"fusion-builder-row fusion-row fusion-flex-align-items-flex-start\" style=\"max-width:1248px;margin-left: calc(-4% \/ 2 );margin-right: calc(-4% \/ 2 );\"><div class=\"fusion-layout-column fusion_builder_column fusion-builder-column-1 fusion_builder_column_1_1 1_1 fusion-flex-column\"><div class=\"fusion-column-wrapper fusion-flex-justify-content-flex-start fusion-content-layout-column\" style=\"background-position:left top;background-repeat:no-repeat;-webkit-background-size:cover;-moz-background-size:cover;-o-background-size:cover;background-size:cover;padding: 0px 0px 0px 0px;\"><style type=\"text\/css\">.fusion-accordian  #accordion-94-1 .panel-title a .fa-fusion-box{ color: #ffffff;}.fusion-accordian  #accordion-94-1 .panel-title a .fa-fusion-box:before{ font-size: 16px; width: 16px;}.fusion-accordian  #accordion-94-1 .panel-title a{font-size:28px;}.fusion-accordian  #accordion-94-1 .fa-fusion-box { background-color: #212934;border-color: #212934;}.fusion-accordian  #accordion-94-1 .panel-title a:hover, #accordion-94-1 .fusion-toggle-boxed-mode:hover .panel-title a { color: #ffa700;}.fusion-accordian  #accordion-94-1 .panel-title .active .fa-fusion-box,.fusion-accordian  #accordion-94-1 .panel-title a:hover .fa-fusion-box { background-color: #ffa700!important;border-color: #ffa700!important;}<\/style><div class=\"accordian fusion-accordian\"><div class=\"panel-group\" id=\"accordion-94-1\" role=\"tablist\"><div class=\"fusion-panel panel-default\" role=\"tabpanel\"><div class=\"panel-heading\"><h4 class=\"panel-title toggle\"><a class=\"active\" aria-expanded=\"true\" aria-selected=\"true\" aria-controls=\"9a2e396bec67cf49d\" role=\"tab\" data-toggle=\"collapse\" data-parent=\"#accordion-94-1\" data-target=\"#9a2e396bec67cf49d\" href=\"#9a2e396bec67cf49d\"><span class=\"fusion-toggle-icon-wrapper\" aria-hidden=\"true\"><i class=\"fa-fusion-box\" aria-hidden=\"true\"><\/i><\/span><span class=\"fusion-toggle-heading\">Partenaires publics<\/span><\/a><\/h4><\/div><div id=\"9a2e396bec67cf49d\" class=\"panel-collapse collapse in\"><div class=\"panel-body toggle-content fusion-clearfix\">\n<h3><a href=\"https:\/\/lamure.fr\" target=\"_blank\" rel=\"noopener noreferrer\"><img class=\"alignright wp-image-227\" src=\"http:\/\/ttis.fr\/wp-content\/uploads\/2020\/09\/e\u0301le\u0301ment-7.png\" alt=\"\" width=\"352\" height=\"123\" srcset=\"https:\/\/ttis.fr\/wp-content\/uploads\/2020\/09\/e\u0301le\u0301ment-7-200x70.png 200w, https:\/\/ttis.fr\/wp-content\/uploads\/2020\/09\/e\u0301le\u0301ment-7-300x105.png 300w, https:\/\/ttis.fr\/wp-content\/uploads\/2020\/09\/e\u0301le\u0301ment-7-400x140.png 400w, https:\/\/ttis.fr\/wp-content\/uploads\/2020\/09\/e\u0301le\u0301ment-7.png 551w\" sizes=\"(max-width: 352px) 100vw, 352px\" \/><\/a><img class=\"wp-image-172 alignnone\" src=\"http:\/\/ttis.fr\/wp-content\/uploads\/2020\/09\/icon-fleche-ttis.png\" alt=\"\" width=\"18\" height=\"24\" \/> La ville de la Mure<\/h3>\n<p>Situ\u00e9e en Matheysine \u00e0 40 km de Grenoble, La Mure est une commune du Sud Is\u00e8re \u00e0 environ 800 m\u00e8tres d\u2019altitude, dans un territoire de lacs et de montagnes ou la nature a toute sa place. La Mure est id\u00e9alement positionn\u00e9e entre Grenoble et Gap sur la route Napol\u00e9on.<br \/>\nElle assure les am\u00e9nagements logistiques : fibre optique avec le concours du d\u00e9partement,<br \/>\nam\u00e9nagements des bords de jonche, et s\u2019inscrit \u00e9galement dans le projet de ville connect\u00e9e.<br \/>\nEn termes de soutien \u00e0 TTIS, la ville de La Mure est un partenaire indispensable.<\/p>\n<p><strong>Site internet : <a href=\"https:\/\/lamure.fr\" target=\"_blank\" rel=\"noopener noreferrer\">https:\/\/lamure.fr<\/a><\/strong><\/p>\n<p><a href=\"\/\/www.isere.fr\" target=\"_blank\" rel=\"noopener noreferrer\"><img class=\"alignright wp-image-231 size-full\" src=\"http:\/\/ttis.fr\/wp-content\/uploads\/2020\/09\/isere-logo.png\" alt=\"\" width=\"343\" height=\"147\" srcset=\"https:\/\/ttis.fr\/wp-content\/uploads\/2020\/09\/isere-logo-200x86.png 200w, https:\/\/ttis.fr\/wp-content\/uploads\/2020\/09\/isere-logo-300x129.png 300w, https:\/\/ttis.fr\/wp-content\/uploads\/2020\/09\/isere-logo.png 343w\" sizes=\"(max-width: 343px) 100vw, 343px\" \/><\/a><\/p>\n<h3><img class=\"alignnone wp-image-175\" src=\"http:\/\/ttis.fr\/wp-content\/uploads\/2020\/09\/icone-orange-ttis.png\" alt=\"\" width=\"18\" height=\"25\" \/> D\u00e9partement de l\u2019Is\u00e8re<\/h3>\n<p>Le d\u00e9partement de l\u2019Is\u00e8re est un d\u00e9partement fran\u00e7ais de la r\u00e9gion Auvergne-Rh\u00f4ne-Alpes. En Is\u00e8re sont pr\u00e9sentes de grandes entreprises dans bien des domaines : industrie du papier, m\u00e9tallurgie, composants \u00e9lectroniques, chimie ou encore agroalimentaire.<br \/>\nActuellement en charge du b\u00e2timent de l\u2019ancienne gare, le d\u00e9partement de l\u2019Is\u00e8re sera en charge de la r\u00e9novation ext\u00e9rieure du b\u00e2timent. Le d\u00e9partement participe \u00e9galement au financement des futurs travaux du b\u00e2timent.<\/p>\n<p><strong>Site internet : <a href=\"https:\/\/www.isere.fr\" target=\"_blank\" rel=\"noopener noreferrer\">https:\/\/www.isere.fr<\/a><\/strong><\/p>\n<p><a href=\"https:\/\/www.auvergnerhonealpes.fr\" target=\"_blank\" rel=\"noopener noreferrer\"><img class=\"alignright wp-image-235\" src=\"http:\/\/ttis.fr\/wp-content\/uploads\/2020\/09\/region-auvergen.png\" alt=\"\" width=\"343\" height=\"157\" srcset=\"https:\/\/ttis.fr\/wp-content\/uploads\/2020\/09\/region-auvergen-200x91.png 200w, https:\/\/ttis.fr\/wp-content\/uploads\/2020\/09\/region-auvergen-300x137.png 300w, https:\/\/ttis.fr\/wp-content\/uploads\/2020\/09\/region-auvergen-400x183.png 400w, https:\/\/ttis.fr\/wp-content\/uploads\/2020\/09\/region-auvergen-540x248.png 540w, https:\/\/ttis.fr\/wp-content\/uploads\/2020\/09\/region-auvergen.png 543w\" sizes=\"(max-width: 343px) 100vw, 343px\" \/><\/a><\/p>\n<h3><img class=\"alignnone wp-image-172\" src=\"http:\/\/ttis.fr\/wp-content\/uploads\/2020\/09\/icon-fleche-ttis.png\" alt=\"\" width=\"18\" height=\"25\" \/> La R\u00e9gion Auvergne-Rh\u00f4ne-Alpes<\/h3>\n<p>Avec ses 7,9M d\u2019habitants Auvergne-Rh\u00f4ne-Alpes est la 1re r\u00e9gion industrielle fran\u00e7aise (500000 emplois) et 2e r\u00e9gion exportatrice de France. La R\u00e9gion soutient ses entreprises, s\u2019engage pour l\u2019emploi en favorisant l\u2019apprentissage avec plus de 48000 apprentis et 83 centres de formations.<br \/>\nLa r\u00e9gion AURA est un partenaire financier concernant tous les travaux li\u00e9s au b\u00e2timent. C\u2019est \u00e9galement un soutien sur le d\u00e9marrage p\u00e9dagogique de la formation.<\/p>\n<p><strong>Site internet : <a href=\"https:\/\/www.auvergnerhonealpes.fr\" target=\"_blank\" rel=\"noopener noreferrer\">https:\/\/www.auvergnerhonealpes.fr<\/a><\/strong><\/p>\n<h3><img class=\"alignnone wp-image-175\" src=\"http:\/\/ttis.fr\/wp-content\/uploads\/2020\/09\/icone-orange-ttis.png\" alt=\"\" width=\"18\" height=\"25\" \/> La DIRECCTE et la pr\u00e9fecture de l&#8217;Is\u00e8re<\/h3>\n<p>La DIRECCTE est l\u2019interlocutrice unique entre tous les domaines : entreprise, emploi, travail, relation sociale, concurrence, consommation&#8230; c\u2019est une administration proche du public. La pr\u00e9fecture de l\u2019Is\u00e8re garantit la s\u00e9curit\u00e9 des citoyens et maintien l\u2019ordre en appliquant les r\u00e8gles de loi.<\/p>\n<p>Au sein du projet de l\u2019\u00e9cole TTIS, la DIRECCTE et la pr\u00e9fecture de l\u2019Is\u00e8re assurent la relation avec l\u2019\u00c9tat qui est le propri\u00e9taire du b\u00e2timent de l\u2019ancienne gare.\u00a0La DIRECCTE et la pr\u00e9fecture de l\u2019Is\u00e8re s\u2019assurent \u00e9galement de la transmission du b\u00e2timent du D\u00e9partement \u00e0 la Communaut\u00e9 de Commune.<\/p>\n<p><strong>Site internet : <\/strong><\/p>\n<p><strong><a href=\"http:\/\/direccte.gouv.fr\">http:\/\/direccte.gouv.fr<\/a>\u00a0<\/strong><\/p>\n<p><strong><a href=\"http:\/\/www.isere.gouv.fr\">http:\/\/www.isere.gouv.fr<\/a><\/strong><\/p>\n<h3><img class=\"alignnone wp-image-172\" src=\"http:\/\/ttis.fr\/wp-content\/uploads\/2020\/09\/icon-fleche-ttis.png\" alt=\"\" width=\"18\" height=\"25\" \/> La Communaut\u00e9 de Communes de la Matheysine et Matheysine D\u00e9veloppement<\/h3>\n<p><strong>La Communaut\u00e9 de Communes<\/strong> de la Matheysine est n\u00e9e en 2014 de la fusion de diff\u00e9rentes collectivit\u00e9s. Situ\u00e9e sur le canton Matheysine-Tri\u00e8ves, son territoire se constitue de 43 communes. Elle joue un r\u00f4le majeur pour l&#8217;\u00e9cole TTIS en tant que propri\u00e9taire du b\u00e2timent, elle assure entre autres le pr\u00e9financement et la maitrise d\u2019ouvrage de la r\u00e9novation int\u00e9rieure du b\u00e2timent et la gestion de l\u2019occupation du b\u00e2timent.<\/p>\n<p><strong>Matheysine D\u00e9veloppement <\/strong>a pour vocation \u00e0 intervenir dans des domaines \u00e9conomiques vari\u00e9s afin d\u2019\u00e9laborer, mettre en \u0153uvre des politiques contractuelles, \u00e9tudier et analyser toute question concernant l\u2019am\u00e9nagement du territoire.<\/p>\n<p><strong>Site internet :\u00a0\u00a0<\/strong><\/p>\n<p><a href=\"http:\/\/www.matheysine-developpement.com\/content\/nos-missions\">http:\/\/www.matheysine-developpement.com\/content\/nos-missions<\/a><\/p>\n<p><a href=\"https:\/\/www.ccmatheysine.fr\/web\/\">https:\/\/www.ccmatheysine.fr\/web\/<\/a><\/p>\n<\/div><\/div><\/div><\/div><\/div><style type=\"text\/css\">.fusion-accordian  #accordion-94-2 .panel-title a .fa-fusion-box{ color: #ffffff;}.fusion-accordian  #accordion-94-2 .panel-title a .fa-fusion-box:before{ font-size: 16px; width: 16px;}.fusion-accordian  #accordion-94-2 .panel-title a{font-size:28px;}.fusion-accordian  #accordion-94-2 .fa-fusion-box { background-color: #212934;border-color: #212934;}.fusion-accordian  #accordion-94-2 .panel-title a:hover, #accordion-94-2 .fusion-toggle-boxed-mode:hover .panel-title a { color: #ffa700;}.fusion-accordian  #accordion-94-2 .panel-title .active .fa-fusion-box,.fusion-accordian  #accordion-94-2 .panel-title a:hover .fa-fusion-box { background-color: #ffa700!important;border-color: #ffa700!important;}<\/style><div class=\"accordian fusion-accordian\"><div class=\"panel-group\" id=\"accordion-94-2\" role=\"tablist\"><div class=\"fusion-panel panel-default\" role=\"tabpanel\"><div class=\"panel-heading\"><h4 class=\"panel-title toggle\"><a class=\"active\" aria-expanded=\"true\" aria-selected=\"true\" aria-controls=\"efec931ea2f43d574\" role=\"tab\" data-toggle=\"collapse\" data-parent=\"#accordion-94-2\" data-target=\"#efec931ea2f43d574\" href=\"#efec931ea2f43d574\"><span class=\"fusion-toggle-icon-wrapper\" aria-hidden=\"true\"><i class=\"fa-fusion-box\" aria-hidden=\"true\"><\/i><\/span><span class=\"fusion-toggle-heading\">Partenaires insitutionnels<\/span><\/a><\/h4><\/div><div id=\"efec931ea2f43d574\" class=\"panel-collapse collapse in\"><div class=\"panel-body toggle-content fusion-clearfix\">\n<h3><img class=\"wp-image-172 alignnone\" src=\"http:\/\/ttis.fr\/wp-content\/uploads\/2020\/09\/icon-fleche-ttis.png\" alt=\"\" width=\"18\" height=\"24\" \/> L&#8217;Universit\u00e9 Grenoble Alpes<\/h3>\n<p><strong>Site internet : <a href=\"https:\/\/lamure.fr\" target=\"_blank\" rel=\"noopener noreferrer\">https:\/\/univ-grenoble-alpes.fr<\/a><\/strong><\/p>\n<\/div><\/div><\/div><\/div><\/div><style type=\"text\/css\">.fusion-accordian  #accordion-94-3 .panel-title a .fa-fusion-box{ color: #ffffff;}.fusion-accordian  #accordion-94-3 .panel-title a .fa-fusion-box:before{ font-size: 16px; width: 16px;}.fusion-accordian  #accordion-94-3 .panel-title a{font-size:28px;}.fusion-accordian  #accordion-94-3 .fa-fusion-box { background-color: #212934;border-color: #212934;}.fusion-accordian  #accordion-94-3 .panel-title a:hover, #accordion-94-3 .fusion-toggle-boxed-mode:hover .panel-title a { color: #ffa700;}.fusion-accordian  #accordion-94-3 .panel-title .active .fa-fusion-box,.fusion-accordian  #accordion-94-3 .panel-title a:hover .fa-fusion-box { background-color: #ffa700!important;border-color: #ffa700!important;}<\/style><div class=\"accordian fusion-accordian\"><div class=\"panel-group\" id=\"accordion-94-3\" role=\"tablist\"><div class=\"fusion-panel panel-default\" role=\"tabpanel\"><div class=\"panel-heading\"><h4 class=\"panel-title toggle\"><a class=\"active\" aria-expanded=\"true\" aria-selected=\"true\" aria-controls=\"660cbea93d72a7760\" role=\"tab\" data-toggle=\"collapse\" data-parent=\"#accordion-94-3\" data-target=\"#660cbea93d72a7760\" href=\"#660cbea93d72a7760\"><span class=\"fusion-toggle-icon-wrapper\" aria-hidden=\"true\"><i class=\"fa-fusion-box\" aria-hidden=\"true\"><\/i><\/span><span class=\"fusion-toggle-heading\">Partenaires industriels<\/span><\/a><\/h4><\/div><div id=\"660cbea93d72a7760\" class=\"panel-collapse collapse in\"><div class=\"panel-body toggle-content fusion-clearfix\">\n<h3><img class=\"wp-image-172 alignnone\" src=\"http:\/\/ttis.fr\/wp-content\/uploads\/2020\/09\/icon-fleche-ttis.png\" alt=\"\" width=\"18\" height=\"24\" \/> Agence Une Rivi\u00e8re, Un territoire (EDF Hydro Alpes)<\/h3>\n<p>L\u2019agence EDF Une Rivi\u00e8re Un Territoire de Vizille soutient les entreprises, l\u2019emploi, l\u2019innovation et la vitalit\u00e9 \u00e9conomique dans les vall\u00e9es du Sud Is\u00e8re o\u00f9 EDF Hydro Alpes exploite des installations hydro\u00e9lectriques. A ce titre, elle accompagne les initiatives du territoire visant \u00e0 renforcer leur attractivit\u00e9 \u00e9conomique, par<img class=\" wp-image-291 alignright\" src=\"http:\/\/ttis.fr\/wp-content\/uploads\/2020\/09\/bandeau-logos-edf.png\" alt=\"\" width=\"489\" height=\"163\" srcset=\"https:\/\/ttis.fr\/wp-content\/uploads\/2020\/09\/bandeau-logos-edf-200x67.png 200w, https:\/\/ttis.fr\/wp-content\/uploads\/2020\/09\/bandeau-logos-edf-300x100.png 300w, https:\/\/ttis.fr\/wp-content\/uploads\/2020\/09\/bandeau-logos-edf-400x133.png 400w, https:\/\/ttis.fr\/wp-content\/uploads\/2020\/09\/bandeau-logos-edf.png 600w\" sizes=\"(max-width: 489px) 100vw, 489px\" \/>\u00a0exemple en contribuant \u00e0 l\u2019\u00e9mergence ou \u00e0 la structuration de nouvelles fili\u00e8res cr\u00e9atrices\u00a0d\u2019emplois. C\u2019est pourquoi EDF Une Rivi\u00e8re Un Territoire est partenaire et s\u2019implique dans le projet d\u2019\u00e9cole scientifique TTIS \u00e0 La Mure.<\/p>\n<p>Site internet\u00a0: <strong><a href=\"https:\/\/sud-isere-drome.developpement-edf.com\/\">https:\/\/sud-isere-drome.developpement-edf.com\/<\/a><\/strong><\/p>\n<h3><img class=\"alignnone wp-image-175\" src=\"http:\/\/ttis.fr\/wp-content\/uploads\/2020\/09\/icone-orange-ttis.png\" alt=\"\" width=\"18\" height=\"25\" \/> SCP Time <img class=\"wp-image-120 alignright\" src=\"http:\/\/ttis.fr\/wp-content\/uploads\/2020\/09\/logo-scpt.png\" alt=\"\" width=\"271\" height=\"120\" \/><\/h3>\n<p><strong>Site internet : <a href=\"https:\/\/www.isere.fr\" target=\"_blank\" rel=\"noopener noreferrer\">https:\/\/www.scptime.com\/fr\/<\/a><\/strong><\/p>\n<\/div><\/div><\/div><\/div><\/div><\/div><\/div><style type=\"text\/css\">.fusion-body .fusion-builder-column-1{width:100% !important;margin-top : 0px;margin-bottom : 20px;}.fusion-builder-column-1 > .fusion-column-wrapper {padding-top : 0px !important;padding-right : 0px !important;margin-right : 1.92%;padding-bottom : 0px !important;padding-left : 0px !important;margin-left : 1.92%;}@media only screen and (max-width:1024px) {.fusion-body .fusion-builder-column-1{width:100% !important;order : 0;}.fusion-builder-column-1 > .fusion-column-wrapper {margin-right : 1.92%;margin-left : 1.92%;}}@media only screen and (max-width:640px) {.fusion-body .fusion-builder-column-1{width:100% !important;order : 0;}.fusion-builder-column-1 > .fusion-column-wrapper {margin-right : 1.92%;margin-left : 1.92%;}}<\/style><\/div><style type=\"text\/css\">.fusion-body .fusion-flex-container.fusion-builder-row-2{ padding-top : 0px;margin-top : 0px;padding-right : 0px;padding-bottom : 0px;margin-bottom : 0px;padding-left : 0px;}<\/style><\/div><\/p>\n","protected":false},"excerpt":{"rendered":"","protected":false},"author":1,"featured_media":0,"parent":0,"menu_order":0,"comment_status":"closed","ping_status":"closed","template":"100-width.php","meta":[],"_links":{"self":[{"href":"https:\/\/ttis.fr\/index.php\/wp-json\/wp\/v2\/pages\/94"}],"collection":[{"href":"https:\/\/ttis.fr\/index.php\/wp-json\/wp\/v2\/pages"}],"about":[{"href":"https:\/\/ttis.fr\/index.php\/wp-json\/wp\/v2\/types\/page"}],"author":[{"embeddable":true,"href":"https:\/\/ttis.fr\/index.php\/wp-json\/wp\/v2\/users\/1"}],"replies":[{"embeddable":true,"href":"https:\/\/ttis.fr\/index.php\/wp-json\/wp\/v2\/comments?post=94"}],"version-history":[{"count":13,"href":"https:\/\/ttis.fr\/index.php\/wp-json\/wp\/v2\/pages\/94\/revisions"}],"predecessor-version":[{"id":465,"href":"https:\/\/ttis.fr\/index.php\/wp-json\/wp\/v2\/pages\/94\/revisions\/465"}],"wp:attachment":[{"href":"https:\/\/ttis.fr\/index.php\/wp-json\/wp\/v2\/media?parent=94"}],"curies":[{"name":"wp","href":"https:\/\/api.w.org\/{rel}","templated":true}]}}